{"version":"1.0","provider_name":"Tafeldeko","provider_url":"https:\/\/www.tafeldeko.de\/news","author_name":"Christiane Stein","author_url":"https:\/\/www.tafeldeko.de\/news\/author\/schnurchristian\/","title":"Wundersch\u00f6ne Deko f\u00fcr das Balkongel\u00e4nder zur Weihnachtszeit - Tafeldeko","type":"rich","width":600,"height":338,"html":"<blockquote class=\"wp-embedded-content\" data-secret=\"nMjU84Mv7L\"><a href=\"https:\/\/www.tafeldeko.de\/news\/wunderschoene-deko-fuer-das-balkongelaender-zur-weihnachtszeit\/\">Wundersch\u00f6ne Deko f\u00fcr das Balkongel\u00e4nder zur Weihnachtszeit<\/a><\/blockquote><iframe sandbox=\"allow-scripts\" security=\"restricted\" src=\"https:\/\/www.tafeldeko.de\/news\/wunderschoene-deko-fuer-das-balkongelaender-zur-weihnachtszeit\/embed\/#?secret=nMjU84Mv7L\" width=\"600\" height=\"338\" title=\"&#8222;Wundersch\u00f6ne Deko f\u00fcr das Balkongel\u00e4nder zur Weihnachtszeit&#8220; &#8212; Tafeldeko\" data-secret=\"nMjU84Mv7L\" frameborder=\"0\" marginwidth=\"0\" marginheight=\"0\" scrolling=\"no\" class=\"wp-embedded-content\"><\/iframe><script>\n\/*! This file is auto-generated *\/\n!function(c,d){\"use strict\";var e=!1,o=!1;if(d.querySelector)if(c.addEventListener)e=!0;if(c.wp=c.wp||{},c.wp.receiveEmbedMessage);else if(c.wp.receiveEmbedMessage=function(e){var t=e.data;if(!t);else if(!(t.secret||t.message||t.value));else if(\/[^a-zA-Z0-9]\/.test(t.secret));else{for(var r,s,a,i=d.querySelectorAll('iframe[data-secret=\"'+t.secret+'\"]'),n=d.querySelectorAll('blockquote[data-secret=\"'+t.secret+'\"]'),o=new RegExp(\"^https?:$\",\"i\"),l=0;l<n.length;l++)n[l].style.display=\"none\";for(l=0;l<i.length;l++)if(r=i[l],e.source!==r.contentWindow);else{if(r.removeAttribute(\"style\"),\"height\"===t.message){if(1e3<(s=parseInt(t.value,10)))s=1e3;else if(~~s<200)s=200;r.height=s}if(\"link\"===t.message)if(s=d.createElement(\"a\"),a=d.createElement(\"a\"),s.href=r.getAttribute(\"src\"),a.href=t.value,!o.test(a.protocol));else if(a.host===s.host)if(d.activeElement===r)c.top.location.href=t.value}}},e)c.addEventListener(\"message\",c.wp.receiveEmbedMessage,!1),d.addEventListener(\"DOMContentLoaded\",t,!1),c.addEventListener(\"load\",t,!1);function t(){if(o);else{o=!0;for(var e,t,r,s=-1!==navigator.appVersion.indexOf(\"MSIE 10\"),a=!!navigator.userAgent.match(\/Trident.*rv:11\\.\/),i=d.querySelectorAll(\"iframe.wp-embedded-content\"),n=0;n<i.length;n++){if(!(r=(t=i[n]).getAttribute(\"data-secret\")))r=Math.random().toString(36).substr(2,10),t.src+=\"#?secret=\"+r,t.setAttribute(\"data-secret\",r);if(s||a)(e=t.cloneNode(!0)).removeAttribute(\"security\"),t.parentNode.replaceChild(e,t);t.contentWindow.postMessage({message:\"ready\",secret:r},\"*\")}}}}(window,document);\n<\/script>\n","description":"Die Vorweihnachtszeit und Weihnachten selbst sind f\u00fcr viele unter uns jedes Jahr aufs Neue ein freudiger Anlass. Vielleicht auch deshalb, weil man so wundersch\u00f6n dekorieren kann, alles erstrahlt in weihnachtlichem Glanz, Lichterglanz wohin das Auge blickt und in den St\u00e4dten leuchten die Stra\u00dfen und Gesch\u00e4fte im weihnachtlichen Schimmer. Und zu Hause in den eigenen vier W\u00e4nden soll es ebenfalls gem\u00fctlich sein, vorweihnachtliche Stimmung soll durch wundervolle Dekorationen der R\u00e4umlichkeiten aufkommen.  In Punkto Dekoration bietet die Vorweihnachtszeit viele M\u00f6glichkeiten: Lichterketten, Tannengirlanden, Kr\u00e4nze f\u00fcr Tische und T\u00fcren, Dekofiguren und Naturmaterialien sind nur einige der Accessoires, die die weihnachtliche Deko ausstatten. Eine ganz besonders sch\u00f6ne Dekoration ist die Deko des Treppengel\u00e4nders \u2013 im Innen- als auch im Au\u00dfenbereich. Auch Balkongel\u00e4nder erhalten weihnachtliche Akzente und hei\u00dfen so die Weihnachtszeit willkommen.  Welche M\u00f6glichkeiten gibt es, die Gel\u00e4nder weihnachtlich zu schm\u00fccken?"}