{"version":"1.0","provider_name":"Tafeldeko","provider_url":"https:\/\/www.tafeldeko.de\/news","author_name":"Christiane Stein","author_url":"https:\/\/www.tafeldeko.de\/news\/author\/schnurchristian\/","title":"Herbstliche Deko f\u00fcr die Fensterbank - Tafeldeko","type":"rich","width":600,"height":338,"html":"<blockquote class=\"wp-embedded-content\" data-secret=\"Ofg5i5BwmM\"><a href=\"https:\/\/www.tafeldeko.de\/news\/herbstliche-deko-fuer-die-fensterbank\/\">Herbstliche Deko f\u00fcr die Fensterbank<\/a><\/blockquote><iframe sandbox=\"allow-scripts\" security=\"restricted\" src=\"https:\/\/www.tafeldeko.de\/news\/herbstliche-deko-fuer-die-fensterbank\/embed\/#?secret=Ofg5i5BwmM\" width=\"600\" height=\"338\" title=\"&#8222;Herbstliche Deko f\u00fcr die Fensterbank&#8220; &#8212; Tafeldeko\" data-secret=\"Ofg5i5BwmM\" frameborder=\"0\" marginwidth=\"0\" marginheight=\"0\" scrolling=\"no\" class=\"wp-embedded-content\"><\/iframe><script>\n\/*! This file is auto-generated *\/\n!function(c,d){\"use strict\";var e=!1,o=!1;if(d.querySelector)if(c.addEventListener)e=!0;if(c.wp=c.wp||{},c.wp.receiveEmbedMessage);else if(c.wp.receiveEmbedMessage=function(e){var t=e.data;if(!t);else if(!(t.secret||t.message||t.value));else if(\/[^a-zA-Z0-9]\/.test(t.secret));else{for(var r,s,a,i=d.querySelectorAll('iframe[data-secret=\"'+t.secret+'\"]'),n=d.querySelectorAll('blockquote[data-secret=\"'+t.secret+'\"]'),o=new RegExp(\"^https?:$\",\"i\"),l=0;l<n.length;l++)n[l].style.display=\"none\";for(l=0;l<i.length;l++)if(r=i[l],e.source!==r.contentWindow);else{if(r.removeAttribute(\"style\"),\"height\"===t.message){if(1e3<(s=parseInt(t.value,10)))s=1e3;else if(~~s<200)s=200;r.height=s}if(\"link\"===t.message)if(s=d.createElement(\"a\"),a=d.createElement(\"a\"),s.href=r.getAttribute(\"src\"),a.href=t.value,!o.test(a.protocol));else if(a.host===s.host)if(d.activeElement===r)c.top.location.href=t.value}}},e)c.addEventListener(\"message\",c.wp.receiveEmbedMessage,!1),d.addEventListener(\"DOMContentLoaded\",t,!1),c.addEventListener(\"load\",t,!1);function t(){if(o);else{o=!0;for(var e,t,r,s=-1!==navigator.appVersion.indexOf(\"MSIE 10\"),a=!!navigator.userAgent.match(\/Trident.*rv:11\\.\/),i=d.querySelectorAll(\"iframe.wp-embedded-content\"),n=0;n<i.length;n++){if(!(r=(t=i[n]).getAttribute(\"data-secret\")))r=Math.random().toString(36).substr(2,10),t.src+=\"#?secret=\"+r,t.setAttribute(\"data-secret\",r);if(s||a)(e=t.cloneNode(!0)).removeAttribute(\"security\"),t.parentNode.replaceChild(e,t);t.contentWindow.postMessage({message:\"ready\",secret:r},\"*\")}}}}(window,document);\n<\/script>\n","thumbnail_url":"https:\/\/www.tafeldeko.de\/news\/wp-content\/uploads\/2013\/09\/IMG_5296-Bearbeitet-scaled.jpg","thumbnail_width":2560,"thumbnail_height":1707,"description":"Wenn die Tage drau\u00dfen k\u00fcrzer werden, es abends wieder fr\u00fcher dunkel und morgens sp\u00e4ter hell wird, dann ist das ein Zeichen daf\u00fcr, dass der Herbst da ist. Doch das hei\u00dft f\u00fcr uns nicht, dass wir nun traurig sein m\u00fcssen, dass der Sommer nun zu Ende ist. Dank wundersch\u00f6ner Dekorationen kann man dem Herbst trotzen und so eine behagliche Atmosph\u00e4re in die eigenen vier W\u00e4nde bringen. Vor allen Dingen bietet der Herbst mit seinen vielen wundersch\u00f6nen Begleiterscheinungen eine tolle M\u00f6glichkeit, mit diesen tolle Dekorationen zu zaubern. Denkt man nur an K\u00fcrbisse oder die herbstlichen Blumen, die mit ihren sch\u00f6nen Farben f\u00fcr tolle Akzente sorgen k\u00f6nnen. Auch Maiskolben, Kastanien, , Pflaumen und N\u00fcsse geh\u00f6ren zu den Accessoires, die die Natur uns f\u00fcr die herbstliche Deko bietet.  Dekorationen auf der Fensterbank k\u00f6nnen f\u00fcr die sch\u00f6nen Momente sorgen. , Moos, \u00c4pfel und buntes Laub sind nur einige der Accessoires, die man beim n\u00e4chsten Spaziergang als Mitbringsel und Basis f\u00fcr die herbstliche Deko sammeln kann."}