{"version":"1.0","provider_name":"Tafeldeko","provider_url":"https:\/\/www.tafeldeko.de\/news","author_name":"Christiane Stein","author_url":"https:\/\/www.tafeldeko.de\/news\/author\/schnurchristian\/","title":"Die Deko auf der Fensterbank - Tafeldeko","type":"rich","width":600,"height":338,"html":"<blockquote class=\"wp-embedded-content\" data-secret=\"N4zDFHppLz\"><a href=\"https:\/\/www.tafeldeko.de\/news\/die-deko-auf-der-fensterbank\/\">Die Deko auf der Fensterbank<\/a><\/blockquote><iframe sandbox=\"allow-scripts\" security=\"restricted\" src=\"https:\/\/www.tafeldeko.de\/news\/die-deko-auf-der-fensterbank\/embed\/#?secret=N4zDFHppLz\" width=\"600\" height=\"338\" title=\"&#8222;Die Deko auf der Fensterbank&#8220; &#8212; Tafeldeko\" data-secret=\"N4zDFHppLz\" frameborder=\"0\" marginwidth=\"0\" marginheight=\"0\" scrolling=\"no\" class=\"wp-embedded-content\"><\/iframe><script>\n\/*! This file is auto-generated *\/\n!function(c,d){\"use strict\";var e=!1,o=!1;if(d.querySelector)if(c.addEventListener)e=!0;if(c.wp=c.wp||{},c.wp.receiveEmbedMessage);else if(c.wp.receiveEmbedMessage=function(e){var t=e.data;if(!t);else if(!(t.secret||t.message||t.value));else if(\/[^a-zA-Z0-9]\/.test(t.secret));else{for(var r,s,a,i=d.querySelectorAll('iframe[data-secret=\"'+t.secret+'\"]'),n=d.querySelectorAll('blockquote[data-secret=\"'+t.secret+'\"]'),o=new RegExp(\"^https?:$\",\"i\"),l=0;l<n.length;l++)n[l].style.display=\"none\";for(l=0;l<i.length;l++)if(r=i[l],e.source!==r.contentWindow);else{if(r.removeAttribute(\"style\"),\"height\"===t.message){if(1e3<(s=parseInt(t.value,10)))s=1e3;else if(~~s<200)s=200;r.height=s}if(\"link\"===t.message)if(s=d.createElement(\"a\"),a=d.createElement(\"a\"),s.href=r.getAttribute(\"src\"),a.href=t.value,!o.test(a.protocol));else if(a.host===s.host)if(d.activeElement===r)c.top.location.href=t.value}}},e)c.addEventListener(\"message\",c.wp.receiveEmbedMessage,!1),d.addEventListener(\"DOMContentLoaded\",t,!1),c.addEventListener(\"load\",t,!1);function t(){if(o);else{o=!0;for(var e,t,r,s=-1!==navigator.appVersion.indexOf(\"MSIE 10\"),a=!!navigator.userAgent.match(\/Trident.*rv:11\\.\/),i=d.querySelectorAll(\"iframe.wp-embedded-content\"),n=0;n<i.length;n++){if(!(r=(t=i[n]).getAttribute(\"data-secret\")))r=Math.random().toString(36).substr(2,10),t.src+=\"#?secret=\"+r,t.setAttribute(\"data-secret\",r);if(s||a)(e=t.cloneNode(!0)).removeAttribute(\"security\"),t.parentNode.replaceChild(e,t);t.contentWindow.postMessage({message:\"ready\",secret:r},\"*\")}}}}(window,document);\n<\/script>\n","description":"Dekorationen, sie geh\u00f6ren auf eine gewisse Weise zu unserem Leben, zu unserem Alltag dazu. Nach einem Arbeitstag nach Hause zu kommen, in die eigenen vier W\u00e4nde, die man nach seinen W\u00fcnschen und Vorstellungen eingerichtet und dekoriert hat, ist etwas Sch\u00f6nes.  Und schaut man heute in Zeitschriften, Kataloge, B\u00fccher und das Internet, sieht man so viele sch\u00f6ne Anregungen, dass es wirklich schwer f\u00e4llt, sich f\u00fcr eine Deko zu entscheiden. Wundersch\u00f6ne Farben, trendig und modern, kr\u00e4ftig oder pastellfarben, dezent oder peppig, verleihen den einzelnen Deko-Accessoires ihren ganz eigenen Stil. Und mit diesen Accessoires werden zu Hause die sch\u00f6nsten Effekte erzielt. Schr\u00e4nke, Tische, Sideboards, Regale und Fensterb\u00e4nke erhalten ihre ganz eigenen Dekorationen, die bei den Bewohnern und G\u00e4sten Behaglichkeit und Gem\u00fctlichkeit hervorrufen.  Der Innenbereich in der Wohnung und im Haus bietet uns viele M\u00f6glichkeiten, doch man untersch\u00e4tzt die Fensterbank drau\u00dfen. Sie kann ebenfalls tolle Dekorationen beherbergen, verleiht dem Gesamtbild einen gewissen Charme."}