{"version":"1.0","provider_name":"Tafeldeko","provider_url":"https:\/\/www.tafeldeko.de\/news","author_name":"Christiane Stein","author_url":"https:\/\/www.tafeldeko.de\/news\/author\/schnurchristian\/","title":"Dekorationen mit Lichterketten \u2013 stimmungsvoll dekorieren - Tafeldeko","type":"rich","width":600,"height":338,"html":"<blockquote class=\"wp-embedded-content\" data-secret=\"TyFV1ix9Hl\"><a href=\"https:\/\/www.tafeldeko.de\/news\/dekorationen-mit-lichterketten-stimmungsvoll-dekorieren\/\">Dekorationen mit Lichterketten \u2013 stimmungsvoll dekorieren<\/a><\/blockquote><iframe sandbox=\"allow-scripts\" security=\"restricted\" src=\"https:\/\/www.tafeldeko.de\/news\/dekorationen-mit-lichterketten-stimmungsvoll-dekorieren\/embed\/#?secret=TyFV1ix9Hl\" width=\"600\" height=\"338\" title=\"&#8222;Dekorationen mit Lichterketten \u2013 stimmungsvoll dekorieren&#8220; &#8212; Tafeldeko\" data-secret=\"TyFV1ix9Hl\" frameborder=\"0\" marginwidth=\"0\" marginheight=\"0\" scrolling=\"no\" class=\"wp-embedded-content\"><\/iframe><script>\n\/*! This file is auto-generated *\/\n!function(c,d){\"use strict\";var e=!1,o=!1;if(d.querySelector)if(c.addEventListener)e=!0;if(c.wp=c.wp||{},c.wp.receiveEmbedMessage);else if(c.wp.receiveEmbedMessage=function(e){var t=e.data;if(!t);else if(!(t.secret||t.message||t.value));else if(\/[^a-zA-Z0-9]\/.test(t.secret));else{for(var r,s,a,i=d.querySelectorAll('iframe[data-secret=\"'+t.secret+'\"]'),n=d.querySelectorAll('blockquote[data-secret=\"'+t.secret+'\"]'),o=new RegExp(\"^https?:$\",\"i\"),l=0;l<n.length;l++)n[l].style.display=\"none\";for(l=0;l<i.length;l++)if(r=i[l],e.source!==r.contentWindow);else{if(r.removeAttribute(\"style\"),\"height\"===t.message){if(1e3<(s=parseInt(t.value,10)))s=1e3;else if(~~s<200)s=200;r.height=s}if(\"link\"===t.message)if(s=d.createElement(\"a\"),a=d.createElement(\"a\"),s.href=r.getAttribute(\"src\"),a.href=t.value,!o.test(a.protocol));else if(a.host===s.host)if(d.activeElement===r)c.top.location.href=t.value}}},e)c.addEventListener(\"message\",c.wp.receiveEmbedMessage,!1),d.addEventListener(\"DOMContentLoaded\",t,!1),c.addEventListener(\"load\",t,!1);function t(){if(o);else{o=!0;for(var e,t,r,s=-1!==navigator.appVersion.indexOf(\"MSIE 10\"),a=!!navigator.userAgent.match(\/Trident.*rv:11\\.\/),i=d.querySelectorAll(\"iframe.wp-embedded-content\"),n=0;n<i.length;n++){if(!(r=(t=i[n]).getAttribute(\"data-secret\")))r=Math.random().toString(36).substr(2,10),t.src+=\"#?secret=\"+r,t.setAttribute(\"data-secret\",r);if(s||a)(e=t.cloneNode(!0)).removeAttribute(\"security\"),t.parentNode.replaceChild(e,t);t.contentWindow.postMessage({message:\"ready\",secret:r},\"*\")}}}}(window,document);\n<\/script>\n","description":"F\u00fcr eine Winter- und Weihnachtsdeko sind die wundersch\u00f6nen Lichterketten sozusagen unschlagbar. Mit kleinen L\u00e4mpchen oder auch L\u00e4mpchen in Form diverser Figuren werden Wohn- und Au\u00dfenbereiche stimmungsvoll und eindrucksvoll dekoriert.  Dekorationen mit Lichterketten \u2013 vor allen Dingen in der Weihnachtszeit nicht wegzudenken. Zwar wird im Sommer so mancher Garten und so einige Sonnenschirme mit sch\u00f6nen Lichterketten dekoriert, doch die romantische und wundersch\u00f6ne Stimmung kommt erst um die Weihnachtszeit auf.  Dekorationen mit Lichterketten \u2013 sie sind durchaus vielseitig. Unifarbene L\u00e4mpchen, bunte L\u00e4mpchen, als Tropfen, als Schneeflocken, als kleine Weihnachtskugeln und in Form von kleinen Figuren, bietet der Fachhandel die sch\u00f6nsten M\u00f6glichkeiten. Und das Sch\u00f6ne an den Lichterketten: sie versch\u00f6nern nicht nur den Tannenbaum am Weihnachtsfest, sondern verleihen auch einem Treppengel\u00e4nder oder einem T\u00fcrrahmen einen stimmungsvollen Glanz. In Kombination mit Tannenzweigen, Efeuranken und B\u00e4ndern wird die Lichterkette zu einem ansprechenden Blickfang."}