{"version":"1.0","provider_name":"Tafeldeko","provider_url":"https:\/\/www.tafeldeko.de\/news","author_name":"Christiane Stein","author_url":"https:\/\/www.tafeldeko.de\/news\/author\/schnurchristian\/","title":"Deko mit \u00c4sten im Winter - Tafeldeko","type":"rich","width":600,"height":338,"html":"<blockquote class=\"wp-embedded-content\" data-secret=\"uAKuFjrx76\"><a href=\"https:\/\/www.tafeldeko.de\/news\/deko-mit-aesten-im-winter\/\">Deko mit \u00c4sten im Winter<\/a><\/blockquote><iframe sandbox=\"allow-scripts\" security=\"restricted\" src=\"https:\/\/www.tafeldeko.de\/news\/deko-mit-aesten-im-winter\/embed\/#?secret=uAKuFjrx76\" width=\"600\" height=\"338\" title=\"&#8222;Deko mit \u00c4sten im Winter&#8220; &#8212; Tafeldeko\" data-secret=\"uAKuFjrx76\" frameborder=\"0\" marginwidth=\"0\" marginheight=\"0\" scrolling=\"no\" class=\"wp-embedded-content\"><\/iframe><script>\n\/*! This file is auto-generated *\/\n!function(c,d){\"use strict\";var e=!1,o=!1;if(d.querySelector)if(c.addEventListener)e=!0;if(c.wp=c.wp||{},c.wp.receiveEmbedMessage);else if(c.wp.receiveEmbedMessage=function(e){var t=e.data;if(!t);else if(!(t.secret||t.message||t.value));else if(\/[^a-zA-Z0-9]\/.test(t.secret));else{for(var r,s,a,i=d.querySelectorAll('iframe[data-secret=\"'+t.secret+'\"]'),n=d.querySelectorAll('blockquote[data-secret=\"'+t.secret+'\"]'),o=new RegExp(\"^https?:$\",\"i\"),l=0;l<n.length;l++)n[l].style.display=\"none\";for(l=0;l<i.length;l++)if(r=i[l],e.source!==r.contentWindow);else{if(r.removeAttribute(\"style\"),\"height\"===t.message){if(1e3<(s=parseInt(t.value,10)))s=1e3;else if(~~s<200)s=200;r.height=s}if(\"link\"===t.message)if(s=d.createElement(\"a\"),a=d.createElement(\"a\"),s.href=r.getAttribute(\"src\"),a.href=t.value,!o.test(a.protocol));else if(a.host===s.host)if(d.activeElement===r)c.top.location.href=t.value}}},e)c.addEventListener(\"message\",c.wp.receiveEmbedMessage,!1),d.addEventListener(\"DOMContentLoaded\",t,!1),c.addEventListener(\"load\",t,!1);function t(){if(o);else{o=!0;for(var e,t,r,s=-1!==navigator.appVersion.indexOf(\"MSIE 10\"),a=!!navigator.userAgent.match(\/Trident.*rv:11\\.\/),i=d.querySelectorAll(\"iframe.wp-embedded-content\"),n=0;n<i.length;n++){if(!(r=(t=i[n]).getAttribute(\"data-secret\")))r=Math.random().toString(36).substr(2,10),t.src+=\"#?secret=\"+r,t.setAttribute(\"data-secret\",r);if(s||a)(e=t.cloneNode(!0)).removeAttribute(\"security\"),t.parentNode.replaceChild(e,t);t.contentWindow.postMessage({message:\"ready\",secret:r},\"*\")}}}}(window,document);\n<\/script>\n","description":"In der Winter- und Weihnachtszeit stehen die Dekorationen in den Wohnungen und im Au\u00dfenbereich im Vordergrund. Mit weihnachtlichen und winterlichen Gegenst\u00e4nden wird die Deko \u201eaufgefahren\u201c, teilweise starten wahre Wettk\u00e4mpfe, welche Deko nun sch\u00f6ner, gr\u00f6\u00dfer und bunter ist.  Beleuchtete Schneem\u00e4nner, Rentiere, Elche, Weihnachtsm\u00e4nner, Engel, Schlitten und dergleichen mehr tummeln sich in den Vorg\u00e4rten der H\u00e4user. Lichterketten wohin das Auge blickt, an den Fassaden, an den Fenstern und die Dachgiebel und auch an den Tannenb\u00e4umen vor dem Haus.  Wer die Weihnachtsdeko liebt, freut schon w\u00e4hrend des Jahres darauf, wieder Haus und Au\u00dfenbereich sch\u00f6n zu schm\u00fccken und so die Weihnachtsstimmung aufleben zu lassen.  In den H\u00e4usern und Wohnungen schm\u00fccken auch andere Dekorationen die R\u00e4umlichkeiten.  Eine Deko mit \u00c4sten hat auch in den Wintermonaten ihre sch\u00f6nen Seiten."}